{"id":286,"date":"2014-03-08T00:40:38","date_gmt":"2014-03-08T00:40:38","guid":{"rendered":"https:\/\/castillo.cr\/contenido\/?page_id=286"},"modified":"2026-04-07T16:18:54","modified_gmt":"2026-04-07T22:18:54","slug":"organismos-directivos","status":"publish","type":"page","link":"https:\/\/castillo.cr\/contenido\/organismos-directivos\/","title":{"rendered":"Organismos Directivos"},"content":{"rendered":"<h3 class=\"indiSubtitle\" style=\"text-align: justify;\">Integraci\u00f3n de la Junta Directiva<\/h3>\n<p>&nbsp;<\/p>\n<table border=\"0\">\n<tbody>\n<tr>\n<td><span style=\"color: #ffffff;\">Presidente<\/span><\/td>\n<td><span style=\"color: #ffffff;\" data-olk-copy-source=\"MessageBody\">SRA. ALICE RAM\u00cdREZ RAM\u00cdREZ<\/span><\/td>\n<\/tr>\n<tr>\n<td><span style=\"color: #ffffff;\">Vicepresidente<\/span><\/td>\n<td><span style=\"color: #ffffff;\" data-olk-copy-source=\"MessageBody\">SRA. MAYRA ABARCA MIRANDA<\/span><\/td>\n<\/tr>\n<tr>\n<td>Secretaria<\/td>\n<td><span data-olk-copy-source=\"MessageBody\">SRA. ISABEL PORRAS ESTRADA<\/span><\/td>\n<\/tr>\n<tr>\n<td>Vicesecretario<\/td>\n<td><span data-olk-copy-source=\"MessageBody\">SRA. MA. ALEJANDRA PANTOJA V\u00cdQUEZ<\/span><\/td>\n<\/tr>\n<tr>\n<td>Tesorero<\/td>\n<td><span data-olk-copy-source=\"MessageBody\">SR. DAVID ROLD\u00c1N BARRANTES<\/span><\/td>\n<\/tr>\n<tr>\n<td>Vicetesorero<\/td>\n<td><span data-olk-copy-source=\"MessageBody\">SR. MIGUEL P\u00c9REZ MONTERO<\/span><\/td>\n<\/tr>\n<tr>\n<td>Vocal<\/td>\n<td><span data-olk-copy-source=\"MessageBody\">SR. ALEX MURILLO SALAZAR<\/span><\/td>\n<\/tr>\n<tr>\n<td colspan=\"2\"><\/td>\n<\/tr>\n<\/tbody>\n<\/table>\n<p>&nbsp;<\/p>\n<h3 class=\"indiSubtitle\" style=\"text-align: justify;\">Junta de Vigilancia<\/h3>\n<table style=\"height: 370px;\" border=\"0\" width=\"584\">\n<tbody>\n<tr>\n<td width=\"88\"><span style=\"color: #ffffff;\">Miembros<\/span><\/td>\n<td width=\"159\"><span style=\"color: #ffffff;\">SR. JUAN VALD\u00c9S GONZ\u00c1LEZ (Presidente)<\/span><\/td>\n<\/tr>\n<tr>\n<td><\/td>\n<td><span style=\"color: #ffffff;\">SR. CARLOS RODR\u00cdGUEZ CHAC\u00d3N (Propietario)<\/span><\/td>\n<\/tr>\n<tr>\n<td><\/td>\n<td width=\"200\"><span data-olk-copy-source=\"MessageBody\">SR. JORGE BARRANTES JAIKEL<\/span> (Secretario)<\/td>\n<\/tr>\n<tr>\n<td>\u00a0Suplentes<\/td>\n<td><\/td>\n<\/tr>\n<tr>\n<td><\/td>\n<td><span data-olk-copy-source=\"MessageBody\">SRA. BEATRIZ VILLALOBOS HERN\u00c1NDEZ<\/span> (Suplente 1)<\/p>\n<p><span data-olk-copy-source=\"MessageBody\">SR. FRANCISCO GARRO MOLINA<\/span>(Suplente 2)<\/p>\n<p><span data-olk-copy-source=\"MessageBody\">SR. WILLIAM SOLANO ZAMORA<\/span> (Suplente 3)<\/td>\n<\/tr>\n<tr>\n<td style=\"text-align: left;\" colspan=\"2\"><\/td>\n<\/tr>\n<tr>\n<td colspan=\"2\"><\/td>\n<\/tr>\n<\/tbody>\n<\/table>\n<p>&nbsp;<\/p>\n<h3 class=\"indiSubtitle\" style=\"text-align: justify;\">Tribunal Disciplinario<\/h3>\n<table style=\"height: 302px;\" border=\"0\" width=\"703\">\n<tbody>\n<tr>\n<td width=\"88\"><span style=\"color: #ffffff;\">Miembros<\/span><\/td>\n<td><span style=\"color: #ffffff;\">Sr. Nelson Ram\u00edrez Ram\u00edrez(Presidente)<\/span><\/td>\n<\/tr>\n<tr>\n<td><\/td>\n<td><span style=\"color: #ffffff;\">Sra. Laura Ulloa Albertazzi(Vicepresidenta)<\/span><\/td>\n<\/tr>\n<tr>\n<td><\/td>\n<td>Sr. Greivin Campos S\u00e1nchez (Secretario)<\/td>\n<\/tr>\n<tr>\n<td>\u00a0Suplentes<\/td>\n<td>Sr. Jos\u00e9 Alberto Hidalgo Ram\u00edrez<\/td>\n<\/tr>\n<tr>\n<td><\/td>\n<td>Sra. Sonia Hern\u00e1ndez Camacho<\/td>\n<\/tr>\n<tr>\n<td colspan=\"2\"><\/td>\n<\/tr>\n<tr>\n<td colspan=\"2\"><\/td>\n<\/tr>\n<\/tbody>\n<\/table>\n<p>&nbsp;<\/p>\n<h3 class=\"indiSubtitle\" style=\"text-align: justify;\">Tribunal de Elecciones<\/h3>\n<table style=\"height: 327px;\" border=\"0\" width=\"705\">\n<tbody>\n<tr>\n<td width=\"88\"><span style=\"color: #ffffff;\">Miembros<\/span><\/td>\n<td><span style=\"color: #ffffff;\">Sr. Jorge Jim\u00e9nez Mora (Presidente)<\/span><\/td>\n<\/tr>\n<tr>\n<td><\/td>\n<td><span style=\"color: #ffffff;\">Sr. Freddy Moscoa Z\u00fa\u00f1iga(Vicepresidente)<\/span><\/td>\n<\/tr>\n<tr>\n<td><\/td>\n<td>Sr. Luis Webb(Secretario)<\/td>\n<\/tr>\n<tr>\n<td>\u00a0Suplentes<\/td>\n<td>Sra. Kattia Herrera Vincenti<\/td>\n<\/tr>\n<tr>\n<td><\/td>\n<td>Sr. Jaime Rivera Guerrero<\/td>\n<\/tr>\n<tr>\n<td><\/td>\n<td>Sra. Laura M\u00e9ndez Monge<\/td>\n<\/tr>\n<tr>\n<td colspan=\"2\"><\/td>\n<\/tr>\n<tr>\n<td colspan=\"2\"><\/td>\n<\/tr>\n<\/tbody>\n<\/table>\n<p>&nbsp;<\/p>\n","protected":false},"excerpt":{"rendered":"<p>Integraci\u00f3n de la Junta Directiva &nbsp; Presidente SRA. ALICE RAM\u00cdREZ RAM\u00cdREZ Vicepresidente SRA. MAYRA ABARCA MIRANDA Secretaria SRA. ISABEL PORRAS ESTRADA Vicesecretario SRA. MA. ALEJANDRA PANTOJA V\u00cdQUEZ Tesorero SR. DAVID ROLD\u00c1N BARRANTES Vicetesorero SR. MIGUEL P\u00c9REZ MONTERO Vocal SR. ALEX MURILLO SALAZAR &nbsp; Junta de Vigilancia Miembros SR. JUAN VALD\u00c9S GONZ\u00c1LEZ (Presidente) SR. CARLOS RODR\u00cdGUEZ &hellip; <a href=\"https:\/\/castillo.cr\/contenido\/organismos-directivos\/\" class=\"more-link\">Seguir leyendo <span class=\"screen-reader-text\">Organismos Directivos<\/span> <span class=\"meta-nav\">&rarr;<\/span><\/a><\/p>\n","protected":false},"author":1,"featured_media":0,"parent":0,"menu_order":0,"comment_status":"closed","ping_status":"closed","template":"","meta":{"_acf_changed":false,"footnotes":""},"class_list":["post-286","page","type-page","status-publish","hentry"],"acf":[],"aioseo_notices":[],"_links":{"self":[{"href":"https:\/\/castillo.cr\/contenido\/wp-json\/wp\/v2\/pages\/286","targetHints":{"allow":["GET"]}}],"collection":[{"href":"https:\/\/castillo.cr\/contenido\/wp-json\/wp\/v2\/pages"}],"about":[{"href":"https:\/\/castillo.cr\/contenido\/wp-json\/wp\/v2\/types\/page"}],"author":[{"embeddable":true,"href":"https:\/\/castillo.cr\/contenido\/wp-json\/wp\/v2\/users\/1"}],"replies":[{"embeddable":true,"href":"https:\/\/castillo.cr\/contenido\/wp-json\/wp\/v2\/comments?post=286"}],"version-history":[{"count":122,"href":"https:\/\/castillo.cr\/contenido\/wp-json\/wp\/v2\/pages\/286\/revisions"}],"predecessor-version":[{"id":24412,"href":"https:\/\/castillo.cr\/contenido\/wp-json\/wp\/v2\/pages\/286\/revisions\/24412"}],"wp:attachment":[{"href":"https:\/\/castillo.cr\/contenido\/wp-json\/wp\/v2\/media?parent=286"}],"curies":[{"name":"wp","href":"https:\/\/api.w.org\/{rel}","templated":true}]}}